{"id":749,"date":"2018-09-20T10:23:59","date_gmt":"2018-09-20T08:23:59","guid":{"rendered":"https:\/\/xn--schreinerwerksttte-weber-4bc.de\/?page_id=749"},"modified":"2023-12-22T12:29:04","modified_gmt":"2023-12-22T10:29:04","slug":"749-2","status":"publish","type":"page","link":"https:\/\/xn--schreinerwerksttte-weber-4bc.de\/?page_id=749","title":{"rendered":"Jobs"},"content":{"rendered":"<div id=\"pl-749\"  class=\"panel-layout\" ><div id=\"pg-749-0\"  class=\"panel-grid panel-no-style\" ><div id=\"pgc-749-0-0\"  class=\"panel-grid-cell\" ><div id=\"panel-749-0-0-0\" class=\"so-panel widget widget_sow-editor panel-first-child panel-last-child\" data-index=\"0\" ><div class=\"panel-widget-style panel-widget-style-for-749-0-0-0\" ><div\n\t\t\t\n\t\t\tclass=\"so-widget-sow-editor so-widget-sow-editor-base\"\n\t\t\t\n\t\t>\n<div class=\"siteorigin-widget-tinymce textwidget\">\n\t<h1 style=\"text-align: center;\"><a href=\"https:\/\/xn--schreinerwerksttte-weber-4bc.de\/wp-content\/uploads\/2014\/08\/MG_0930A.jpg\" data-rel=\"lightbox-image-0\" data-rl_title=\"\" data-rl_caption=\"\" title=\"\"><img decoding=\"async\" loading=\"lazy\" class=\"size-large wp-image-528 alignnone\" src=\"https:\/\/xn--schreinerwerksttte-weber-4bc.de\/wp-content\/uploads\/2014\/08\/MG_0930A-1024x683.jpg\" alt=\"\" width=\"900\" height=\"600\" srcset=\"https:\/\/xn--schreinerwerksttte-weber-4bc.de\/wp-content\/uploads\/2014\/08\/MG_0930A-1024x683.jpg 1024w, https:\/\/xn--schreinerwerksttte-weber-4bc.de\/wp-content\/uploads\/2014\/08\/MG_0930A-300x200.jpg 300w, https:\/\/xn--schreinerwerksttte-weber-4bc.de\/wp-content\/uploads\/2014\/08\/MG_0930A-768x512.jpg 768w, https:\/\/xn--schreinerwerksttte-weber-4bc.de\/wp-content\/uploads\/2014\/08\/MG_0930A-1000x667.jpg 1000w, https:\/\/xn--schreinerwerksttte-weber-4bc.de\/wp-content\/uploads\/2014\/08\/MG_0930A-272x182.jpg 272w, https:\/\/xn--schreinerwerksttte-weber-4bc.de\/wp-content\/uploads\/2014\/08\/MG_0930A.jpg 1200w\" sizes=\"(max-width: 900px) 100vw, 900px\" \/><\/a><\/h1>\n<h2 style=\"text-align: center;\">Lust auf neue Herausforderungen?<\/h2>\n<h2 style=\"text-align: center;\">Wir suchen einen kreativen und universellen Schreiner - Meister zur Mitarbeit in unserem kleinen Team!<\/h2>\n<\/div>\n<\/div><\/div><\/div><\/div><\/div><div id=\"pg-749-1\"  class=\"panel-grid panel-no-style\" ><div id=\"pgc-749-1-0\"  class=\"panel-grid-cell\" ><div id=\"panel-749-1-0-0\" class=\"so-panel widget widget_sow-editor panel-first-child panel-last-child\" data-index=\"1\" ><div class=\"panel-widget-style panel-widget-style-for-749-1-0-0\" ><div\n\t\t\t\n\t\t\tclass=\"so-widget-sow-editor so-widget-sow-editor-base\"\n\t\t\t\n\t\t>\n<div class=\"siteorigin-widget-tinymce textwidget\">\n\t<p>F\u00fcr unser alteingesessenes, kleines Familienunternehmen mit dem Schwerpunkt im gehobenem\u00a0M\u00f6bel- und Innenausbau suchen wir zum n\u00e4chstm\u00f6glichen Zeitpunkt einen flexiblen:<\/p>\n<h1>SCHREINER - Meister o.\u00a0Gesellen<\/h1>\n<p>Was Sie mitbringen sollten:<\/p>\n<ul>\n<li>mehrj\u00e4hrige Berufserfahrung im Innenausbau und M\u00f6belbau<\/li>\n<li>Begeisterung f\u00fcr das Handwerk<\/li>\n<li>Erfahrungen im Einbau von Fenstern und T\u00fcren von Vorteil<\/li>\n<li>Erfahrungen in den Bereichen Arbeitsvorbereitung, Kalkulation und Mitarbeiterf\u00fchrung<\/li>\n<li>engagiertes und selbstst\u00e4ndiges Arbeiten<\/li>\n<li>sicheres Auftreten im Kundenkontakt<\/li>\n<li>selbstst\u00e4ndige Mitarbeit in Produktion und Montage<\/li>\n<\/ul>\n<p>Was Sie erwarten d\u00fcrfen:<\/p>\n<ul>\n<li>eine spannende und abwechslungsreiche T\u00e4tigkeit in einer klassischen Schreinerei mit\u00a0zukunftsorientiertem Gesamtkonzept<\/li>\n<li>selbstst\u00e4ndiges Arbeiten im kleinen Team und in einem kreativen Umfeld<\/li>\n<li>Entwicklungs- und Entfaltungsspielr\u00e4ume<\/li>\n<li>leistungsgerechte Bezahlung<\/li>\n<\/ul>\n<p>Wir freuen uns auf Ihre Bewerbung per Post oder Email.<\/p>\n<p>F\u00fcr Fragen rufen Sie uns gerne an.<\/p>\n<\/div>\n<\/div><\/div><\/div><\/div><\/div><\/div>","protected":false},"excerpt":{"rendered":"<p>Lust auf neue Herausforderungen? Wir suchen einen kreativen und universellen Schreiner &#8211; Meister zur Mitarbeit in unserem kleinen Team! F\u00fcr unser alteingesessenes, kleines Familienunternehmen mit dem Schwerpunkt im gehobenem\u00a0M\u00f6bel- und Innenausbau suchen wir zum n\u00e4chstm\u00f6glichen Zeitpunkt einen flexiblen: SCHREINER &#8211; Meister o.\u00a0Gesellen Was Sie mitbringen sollten: mehrj\u00e4hrige Berufserfahrung im Innenausbau und M\u00f6belbau Begeisterung f\u00fcr das [&hellip;]<\/p>\n","protected":false},"author":1,"featured_media":0,"parent":0,"menu_order":0,"comment_status":"closed","ping_status":"closed","template":"templates\/template-full.php","meta":[],"_links":{"self":[{"href":"https:\/\/xn--schreinerwerksttte-weber-4bc.de\/index.php?rest_route=\/wp\/v2\/pages\/749"}],"collection":[{"href":"https:\/\/xn--schreinerwerksttte-weber-4bc.de\/index.php?rest_route=\/wp\/v2\/pages"}],"about":[{"href":"https:\/\/xn--schreinerwerksttte-weber-4bc.de\/index.php?rest_route=\/wp\/v2\/types\/page"}],"author":[{"embeddable":true,"href":"https:\/\/xn--schreinerwerksttte-weber-4bc.de\/index.php?rest_route=\/wp\/v2\/users\/1"}],"replies":[{"embeddable":true,"href":"https:\/\/xn--schreinerwerksttte-weber-4bc.de\/index.php?rest_route=%2Fwp%2Fv2%2Fcomments&post=749"}],"version-history":[{"count":58,"href":"https:\/\/xn--schreinerwerksttte-weber-4bc.de\/index.php?rest_route=\/wp\/v2\/pages\/749\/revisions"}],"predecessor-version":[{"id":916,"href":"https:\/\/xn--schreinerwerksttte-weber-4bc.de\/index.php?rest_route=\/wp\/v2\/pages\/749\/revisions\/916"}],"wp:attachment":[{"href":"https:\/\/xn--schreinerwerksttte-weber-4bc.de\/index.php?rest_route=%2Fwp%2Fv2%2Fmedia&parent=749"}],"curies":[{"name":"wp","href":"https:\/\/api.w.org\/{rel}","templated":true}]}}